{"id":10369,"date":"2017-01-17T15:22:50","date_gmt":"2017-01-17T15:22:50","guid":{"rendered":"http:\/\/barista.edge-themes.com\/?page_id=10369"},"modified":"2025-02-08T11:29:35","modified_gmt":"2025-02-08T11:29:35","slug":"contactos","status":"publish","type":"page","link":"http:\/\/confeitariacale.pt\/en\/contactos\/","title":{"rendered":"CONTACT US"},"content":{"rendered":"<div class=\"wpb-content-wrapper\">\t\t<div data-elementor-type=\"wp-page\" data-elementor-id=\"10369\" class=\"elementor elementor-10369\">\n\t\t\t\t\t\t<section class=\"elementor-section elementor-top-section elementor-element elementor-element-47f6216 elementor-section-boxed elementor-section-height-default elementor-section-height-default edgtf-elementor-container-no edgtf-section edgtf-parallax-section-holder-touch-disabled edgtf-parallax-section-no\" data-id=\"47f6216\" data-element_type=\"section\" data-e-type=\"section\">\n\t\t\t\t\t\t<div class=\"elementor-container elementor-column-gap-default\">\n\t\t\t\t\t<div class=\"elementor-column elementor-col-100 elementor-top-column elementor-element elementor-element-34e8e08a\" data-id=\"34e8e08a\" data-element_type=\"column\" data-e-type=\"column\">\n\t\t\t<div class=\"elementor-widget-wrap elementor-element-populated\">\n\t\t\t\t\t\t<div class=\"elementor-element elementor-element-3800cd3c elementor-widget__width-initial elementor-widget elementor-widget-text-editor\" data-id=\"3800cd3c\" data-element_type=\"widget\" data-e-type=\"widget\" data-widget_type=\"text-editor.default\">\n\t\t\t\t<div class=\"elementor-widget-container\">\n\t\t\t\t\t\t\t\t\t<div class=\"vc_row wpb_row vc_row-fluid edgtf-section vc_custom_1612395154855 edgtf-content-aligment-left edgtf-grid-section\" style=\"\"><div class=\"clearfix edgtf-section-inner\"><div class=\"edgtf-section-inner-margin clearfix\"><div class=\"wpb_column vc_column_container vc_col-sm-12 vc_col-lg-6 vc_col-md-12 vc_col-xs-12\"><div class=\"vc_column-inner\"><div class=\"wpb_wrapper\"><div class=\"edgtf-elements-holder edgtf-responsive-mode-768\" ><div class=\"edgtf-elements-holder-item\" data-item-class=\"edgtf-elements-holder-custom-395413\" data-480=\"0 4% 0 0\" >\n\t\t<div class=\"edgtf-elements-holder-item-inner\">\n\t\t<div class=\"edgtf-elements-holder-item-content edgtf-elements-holder-custom-395413\" style=\"padding: 0 0 0 0\">\n\t\t\t\n\t<div class=\"wpb_text_column wpb_content_element\" >\n\t\t<div class=\"wpb_wrapper\">\n\t\t\t<h2>Contact us<\/h2>\n\n\t\t<\/div>\n\t<\/div>\n<div class=\"vc_empty_space\"   style=\"height: 20px\"><span class=\"vc_empty_space_inner\"><\/span><\/div><div class=\"edgtf-separator-holder clearfix  edgtf-separator-left\">\n\t<div class=\"edgtf-separator\" style=\"width: 120px;border-bottom-width: 3px\"><\/div>\n<\/div>\n<div class=\"vc_empty_space\"   style=\"height: 15px\"><span class=\"vc_empty_space_inner\"><\/span><\/div>\n\t<div class=\"wpb_text_column wpb_content_element\" >\n\t\t<div class=\"wpb_wrapper\">\n\t\t\t<p>Leave us a message and we'll get back to you shortly.<\/p>\n\n\t\t<\/div>\n\t<\/div>\n\t\t<\/div>\n\t<\/div>\n\t<\/div><\/div><div class=\"vc_empty_space\"   style=\"height: 40px\"><span class=\"vc_empty_space_inner\"><\/span><\/div>\n<div class=\"wpcf7 no-js\" id=\"wpcf7-f7671-o1\" lang=\"en-US\" dir=\"ltr\" data-wpcf7-id=\"7671\">\n<div class=\"screen-reader-response\"><p role=\"status\" aria-live=\"polite\" aria-atomic=\"true\"><\/p> <ul><\/ul><\/div>\n<form action=\"\/en\/wp-json\/wp\/v2\/pages\/10369#wpcf7-f7671-o1\" method=\"post\" class=\"wpcf7-form init\" aria-label=\"Contact form\" novalidate=\"novalidate\" data-status=\"init\" data-trp-original-action=\"\/en\/wp-json\/wp\/v2\/pages\/10369#wpcf7-f7671-o1\">\n<div style=\"display: none;\">\n<input type=\"hidden\" name=\"_wpcf7\" value=\"7671\" \/>\n<input type=\"hidden\" name=\"_wpcf7_version\" value=\"6.0.3\" \/>\n<input type=\"hidden\" name=\"_wpcf7_locale\" value=\"en_US\" \/>\n<input type=\"hidden\" name=\"_wpcf7_unit_tag\" value=\"wpcf7-f7671-o1\" \/>\n<input type=\"hidden\" name=\"_wpcf7_container_post\" value=\"0\" \/>\n<input type=\"hidden\" name=\"_wpcf7_posted_data_hash\" value=\"\" \/>\n<\/div>\n<div>\n\t<p><span class=\"wpcf7-form-control-wrap\" data-name=\"your-name\"><input size=\"40\" maxlength=\"400\" class=\"wpcf7-form-control wpcf7-text wpcf7-validates-as-required\" aria-required=\"true\" aria-invalid=\"false\" placeholder=\"Name*\" value=\"\" type=\"text\" name=\"your-name\" \/><\/span>\n\t<\/p>\n<\/div>\n<div>\n\t<p><span class=\"wpcf7-form-control-wrap\" data-name=\"your-email\"><input size=\"40\" maxlength=\"400\" class=\"wpcf7-form-control wpcf7-email wpcf7-validates-as-required wpcf7-text wpcf7-validates-as-email\" aria-required=\"true\" aria-invalid=\"false\" placeholder=\"Email*\" value=\"\" type=\"email\" name=\"your-email\" \/><\/span>\n\t<\/p>\n<\/div>\n<div>\n\t<p><span class=\"wpcf7-form-control-wrap\" data-name=\"your-message\"><textarea cols=\"40\" rows=\"10\" maxlength=\"2000\" class=\"wpcf7-form-control wpcf7-textarea\" aria-invalid=\"false\" placeholder=\"Message\" name=\"your-message\"><\/textarea><\/span>\n\t<\/p>\n<\/div>\n<div class=\"edgtf-cf7-submit-right\">\n\t<p><input class=\"wpcf7-form-control wpcf7-submit has-spinner\" type=\"submit\" value=\"Send\" \/>\n\t<\/p>\n<\/div><div class=\"wpcf7-response-output\" aria-hidden=\"true\"><\/div>\n<input type=\"hidden\" name=\"trp-form-language\" value=\"en\"\/><\/form>\n<\/div>\n<\/div><\/div><\/div><div class=\"wpb_column vc_column_container vc_col-sm-12 vc_col-lg-6 vc_col-md-12 vc_col-xs-12\"><div class=\"vc_column-inner\"><div class=\"wpb_wrapper\"><div class=\"edgtf-elements-holder edgtf-responsive-mode-768\" ><div class=\"edgtf-elements-holder-item\" data-item-class=\"edgtf-elements-holder-custom-552480\" >\n\t\t<div class=\"edgtf-elements-holder-item-inner\">\n\t\t<div class=\"edgtf-elements-holder-item-content edgtf-elements-holder-custom-552480\" style=\"padding: 0 0 0 0\">\n\t\t\t\n\t<div class=\"wpb_text_column wpb_content_element\" >\n\t\t<div class=\"wpb_wrapper\">\n\t\t\t<h2>Locations<\/h2>\n\n\t\t<\/div>\n\t<\/div>\n<div class=\"vc_empty_space\"   style=\"height: 20px\"><span class=\"vc_empty_space_inner\"><\/span><\/div><div class=\"edgtf-separator-holder clearfix  edgtf-separator-left\">\n\t<div class=\"edgtf-separator\" style=\"width: 120px;border-bottom-width: 3px\"><\/div>\n<\/div>\n<div class=\"vc_empty_space\"   style=\"height: 15px\"><span class=\"vc_empty_space_inner\"><\/span><\/div>\n\t<div class=\"wpb_text_column wpb_content_element\" >\n\t\t<div class=\"wpb_wrapper\">\n\t\t\t<p class=\"p1\"><span class=\"s1\">Estamos localizados na zona Oeste, em Peniche.<br \/><\/span><span class=\"s1\">Come and enjoy our quick meals, pastries and bakery products for breakfast, lunch and snacks.<\/span><\/p>\n\n\t\t<\/div>\n\t<\/div>\n\t\t<\/div>\n\t<\/div>\n\t<\/div><\/div><div class=\"vc_empty_space\"   style=\"height: 40px\"><span class=\"vc_empty_space_inner\"><\/span><\/div><div class=\"edgtf-elements-holder edgtf-two-columns edgtf-responsive-mode-768\" ><\/div><div class=\"edgtf-elements-holder-item\" data-item-class=\"edgtf-elements-holder-custom-299897\" data-768-1024=\"13% 0 0 0\" data-600-768=\"5% 0 0 0\" data-480=\"5% 0 0 0\" >\n\t\t<div class=\"edgtf-elements-holder-item-inner\">\n\t\t<div class=\"edgtf-elements-holder-item-content edgtf-elements-holder-custom-299897\" style=\"padding: 0 0 0 0\">\n\t\t\t<div class=\"edgtf-iwt clearfix edgtf-iwt-icon-left edgtf-iwt-icon-tiny\">\n    <div class=\"edgtf-iwt-icon-holder\">\n                    \n    <span class=\"edgtf-icon-shortcode normal\"  data-color=\"#c7a17a\">\n        \n        <span aria-hidden=\"true\" class=\"edgtf-icon-font-elegant icon_pin edgtf-icon-element\" style=\"color: #c7a17a;font-size:25px\" ><\/span>\n            <\/span>\n\n            <\/div>\n    <div class=\"edgtf-iwt-content-holder\" >\n        <div class=\"edgtf-iwt-title-holder\">\n            <h4 >Peniche<\/h4>\n        <\/div>\n        <div class=\"edgtf-iwt-text-holder\">\n            <p >Loja I &#8211; R. Dr. Jo\u00e3o de Matos Bilhau 9<\/p><p>Loja II &#8211; Pra\u00e7a Jacob Rodrigues Pereira 3<\/p>\n\n                    <\/div>\n    <\/div>\n<\/div><div class=\"vc_empty_space\"   style=\"height: 40px\"><span class=\"vc_empty_space_inner\"><\/span><\/div><div class=\"edgtf-iwt clearfix edgtf-iwt-icon-left edgtf-iwt-icon-tiny\">\n    <div class=\"edgtf-iwt-icon-holder\">\n                    \n    <span class=\"edgtf-icon-shortcode normal\"  data-color=\"#c7a17a\">\n        \n        <i class=\"edgtf-icon-linear-icon lnr lnr-phone-handset edgtf-icon-element\" style=\"color: #c7a17a;font-size:25px\" ><\/i>\n            <\/span>\n\n            <\/div>\n    <div class=\"edgtf-iwt-content-holder\" >\n        <div class=\"edgtf-iwt-title-holder\">\n            <h4 >Telephone<\/h4>\n        <\/div>\n        <div class=\"edgtf-iwt-text-holder\">\n            <p >Loja I &#8211; 262 084 198<br \/>(Call to the national fixed network)<br \/>Loja I &#8211; 927 807 737<br \/>(Call to the national mobile network)<br \/>Loja II &#8211; 961 287 710<br \/>(Call to the national mobile network)<\/p>\n\n                    <\/div>\n    <\/div>\n<\/div><div class=\"vc_empty_space\"   style=\"height: 40px\"><span class=\"vc_empty_space_inner\"><\/span><\/div><div class=\"edgtf-iwt clearfix edgtf-iwt-icon-left edgtf-iwt-icon-tiny\">\n    <div class=\"edgtf-iwt-icon-holder\">\n                    \n    <span class=\"edgtf-icon-shortcode normal\"  data-color=\"#c7a17a\">\n        \n        <i class=\"edgtf-icon-linear-icon lnr lnr-envelope edgtf-icon-element\" style=\"color: #c7a17a;font-size:25px\" ><\/i>\n            <\/span>\n\n            <\/div>\n    <div class=\"edgtf-iwt-content-holder\" >\n        <div class=\"edgtf-iwt-title-holder\">\n            <h4 >Email<\/h4>\n        <\/div>\n        <div class=\"edgtf-iwt-text-holder\">\n            <p >Encomendas &#8211; comercialcale@gmail.com<br \/>Outros Assuntos &#8211; contacale@gmail.com<\/p>\n\n                    <\/div>\n    <\/div>\n<\/div><div class=\"vc_empty_space\"   style=\"height: 15px\"><span class=\"vc_empty_space_inner\"><\/span><\/div>\t\t<\/div>\n\t<\/div>\n\t<\/div><div class=\"edgtf-elements-holder-item\" data-item-class=\"edgtf-elements-holder-custom-994867\" data-768-1024=\"13% 0 0 2%\" data-600-768=\"0 0 0 0%\" >\n\t\t<div class=\"edgtf-elements-holder-item-inner\">\n\t\t<div class=\"edgtf-elements-holder-item-content edgtf-elements-holder-custom-994867\" style=\"padding: 0 0 0 2%\">\n\t\t\t\t\t<\/div>\n\t<\/div>\n\t<\/div><div class=\"wpb_raw_code wpb_content_element wpb_raw_html\" >\n\t\t<div class=\"wpb_wrapper\">\n\t\t\t\n\t\t<\/div>\n\t<\/div>\n<\/div><\/div><\/div><\/div><\/div><\/div>\t\t\t\t\t\t\t\t<\/div>\n\t\t\t\t<\/div>\n\t\t\t\t\t<\/div>\n\t\t<\/div>\n\t\t\t\t\t<\/div>\n\t\t<\/section>\n\t\t\t\t<\/div>\n\t\t<\/div>","protected":false},"excerpt":{"rendered":"Contacte-nos Deixe-nos uma mensagem, entraremos em contacto consigo em breve. Localiza\u00e7\u00f5es Estamos localizados na zona Oeste, em Peniche.Venha apreciar as nossas refei\u00e7\u00f5es r\u00e1pidas e os nossos produtos de pastelaria e...","protected":false},"author":1,"featured_media":13508,"parent":0,"menu_order":0,"comment_status":"closed","ping_status":"closed","template":"full-width.php","meta":{"footnotes":""},"class_list":["post-10369","page","type-page","status-publish","has-post-thumbnail","hentry"],"yoast_head":"<!-- This site is optimized with the Yoast SEO plugin v27.5 - https:\/\/yoast.com\/product\/yoast-seo-wordpress\/ -->\n<title>Contactos | Cal&eacute; - Confeitaria Tradicional Portuguesa<\/title>\n<meta name=\"description\" content=\"Entre em contacto com o Grupo Cal\u00e9 atrav\u00e9s dos contactos: telefone 262 084 198 ou email comercialcale@gmail.com.\" \/>\n<meta name=\"robots\" content=\"index, follow, max-snippet:-1, max-image-preview:large, max-video-preview:-1\" \/>\n<link rel=\"canonical\" href=\"https:\/\/confeitariacale.pt\/en\/contactos\/\" \/>\n<meta property=\"og:locale\" content=\"en_GB\" \/>\n<meta property=\"og:type\" content=\"article\" \/>\n<meta property=\"og:title\" content=\"Contactos | Cal&eacute; - Confeitaria Tradicional Portuguesa\" \/>\n<meta property=\"og:description\" content=\"Entre em contacto com o Grupo Cal\u00e9 atrav\u00e9s dos contactos: telefone 262 084 198 ou email comercialcale@gmail.com.\" \/>\n<meta property=\"og:url\" content=\"https:\/\/confeitariacale.pt\/en\/contactos\/\" \/>\n<meta property=\"og:site_name\" content=\"Cal&eacute; - Confeitaria Tradicional Portuguesa\" \/>\n<meta property=\"article:publisher\" content=\"https:\/\/www.facebook.com\/ConfeitariaCale\" \/>\n<meta property=\"article:modified_time\" content=\"2025-02-08T11:29:35+00:00\" \/>\n<meta property=\"og:image\" content=\"https:\/\/confeitariacale.pt\/wp-content\/uploads\/2021\/02\/logo.png\" \/>\n\t<meta property=\"og:image:width\" content=\"1920\" \/>\n\t<meta property=\"og:image:height\" content=\"838\" \/>\n\t<meta property=\"og:image:type\" content=\"image\/png\" \/>\n<meta name=\"twitter:card\" content=\"summary_large_image\" \/>\n<meta name=\"twitter:label1\" content=\"Estimated reading time\" \/>\n\t<meta name=\"twitter:data1\" content=\"1 minute\" \/>\n<script type=\"application\/ld+json\" class=\"yoast-schema-graph\">{\"@context\":\"https:\\\/\\\/schema.org\",\"@graph\":[{\"@type\":\"WebPage\",\"@id\":\"https:\\\/\\\/confeitariacale.pt\\\/contactos\\\/\",\"url\":\"https:\\\/\\\/confeitariacale.pt\\\/contactos\\\/\",\"name\":\"Contactos | Cal&eacute; - Confeitaria Tradicional Portuguesa\",\"isPartOf\":{\"@id\":\"https:\\\/\\\/confeitariacale.pt\\\/#website\"},\"primaryImageOfPage\":{\"@id\":\"https:\\\/\\\/confeitariacale.pt\\\/contactos\\\/#primaryimage\"},\"image\":{\"@id\":\"https:\\\/\\\/confeitariacale.pt\\\/contactos\\\/#primaryimage\"},\"thumbnailUrl\":\"https:\\\/\\\/confeitariacale.pt\\\/wp-content\\\/uploads\\\/2021\\\/02\\\/logo.png\",\"datePublished\":\"2017-01-17T15:22:50+00:00\",\"dateModified\":\"2025-02-08T11:29:35+00:00\",\"description\":\"Entre em contacto com o Grupo Cal\u00e9 atrav\u00e9s dos contactos: telefone 262 084 198 ou email comercialcale@gmail.com.\",\"breadcrumb\":{\"@id\":\"https:\\\/\\\/confeitariacale.pt\\\/contactos\\\/#breadcrumb\"},\"inLanguage\":\"en-GB\",\"potentialAction\":[{\"@type\":\"ReadAction\",\"target\":[\"https:\\\/\\\/confeitariacale.pt\\\/contactos\\\/\"]}]},{\"@type\":\"ImageObject\",\"inLanguage\":\"en-GB\",\"@id\":\"https:\\\/\\\/confeitariacale.pt\\\/contactos\\\/#primaryimage\",\"url\":\"https:\\\/\\\/confeitariacale.pt\\\/wp-content\\\/uploads\\\/2021\\\/02\\\/logo.png\",\"contentUrl\":\"https:\\\/\\\/confeitariacale.pt\\\/wp-content\\\/uploads\\\/2021\\\/02\\\/logo.png\",\"width\":1920,\"height\":838,\"caption\":\"secao-contactos-cale-confeitaria-tradicional-portuguesa-peniche-caldas-rainha-padaria-pastelaria\"},{\"@type\":\"BreadcrumbList\",\"@id\":\"https:\\\/\\\/confeitariacale.pt\\\/contactos\\\/#breadcrumb\",\"itemListElement\":[{\"@type\":\"ListItem\",\"position\":1,\"name\":\"In\u00edcio\",\"item\":\"https:\\\/\\\/confeitariacale.pt\\\/\"},{\"@type\":\"ListItem\",\"position\":2,\"name\":\"CONTACTOS\"}]},{\"@type\":\"WebSite\",\"@id\":\"https:\\\/\\\/confeitariacale.pt\\\/#website\",\"url\":\"https:\\\/\\\/confeitariacale.pt\\\/\",\"name\":\"Cal\u00e9 - Confeitaria Tradicional Portuguesa\",\"description\":\"No Grupo Cal&eacute; produzimos, vendemos e distribu&iacute;mos diariamente produtos de refer&ecirc;ncia nas &aacute;reas da panifica&ccedil;&atilde;o, pastelaria, confeitaria e do&ccedil;aria.\",\"publisher\":{\"@id\":\"https:\\\/\\\/confeitariacale.pt\\\/#organization\"},\"potentialAction\":[{\"@type\":\"SearchAction\",\"target\":{\"@type\":\"EntryPoint\",\"urlTemplate\":\"https:\\\/\\\/confeitariacale.pt\\\/?s={search_term_string}\"},\"query-input\":{\"@type\":\"PropertyValueSpecification\",\"valueRequired\":true,\"valueName\":\"search_term_string\"}}],\"inLanguage\":\"en-GB\"},{\"@type\":\"Organization\",\"@id\":\"https:\\\/\\\/confeitariacale.pt\\\/#organization\",\"name\":\"Cal\u00e9 - Confeitaria Tradicional Portuguesa\",\"url\":\"https:\\\/\\\/confeitariacale.pt\\\/\",\"logo\":{\"@type\":\"ImageObject\",\"inLanguage\":\"en-GB\",\"@id\":\"https:\\\/\\\/confeitariacale.pt\\\/#\\\/schema\\\/logo\\\/image\\\/\",\"url\":\"https:\\\/\\\/confeitariacale.pt\\\/wp-content\\\/uploads\\\/2021\\\/02\\\/104439490_3144511675595181_1617663331076574825_n.png\",\"contentUrl\":\"https:\\\/\\\/confeitariacale.pt\\\/wp-content\\\/uploads\\\/2021\\\/02\\\/104439490_3144511675595181_1617663331076574825_n.png\",\"width\":334,\"height\":334,\"caption\":\"Cal\u00e9 - Confeitaria Tradicional Portuguesa\"},\"image\":{\"@id\":\"https:\\\/\\\/confeitariacale.pt\\\/#\\\/schema\\\/logo\\\/image\\\/\"},\"sameAs\":[\"https:\\\/\\\/www.facebook.com\\\/ConfeitariaCale\",\"https:\\\/\\\/www.instagram.com\\\/confeitariacale\\\/\"]}]}<\/script>\n<!-- \/ Yoast SEO plugin. -->","yoast_head_json":{"title":"Contactos | Cal&eacute; - Confeitaria Tradicional Portuguesa","description":"Entre em contacto com o Grupo Cal\u00e9 atrav\u00e9s dos contactos: telefone 262 084 198 ou email comercialcale@gmail.com.","robots":{"index":"index","follow":"follow","max-snippet":"max-snippet:-1","max-image-preview":"max-image-preview:large","max-video-preview":"max-video-preview:-1"},"canonical":"https:\/\/confeitariacale.pt\/en\/contactos\/","og_locale":"en_GB","og_type":"article","og_title":"Contactos | Cal&eacute; - Confeitaria Tradicional Portuguesa","og_description":"Entre em contacto com o Grupo Cal\u00e9 atrav\u00e9s dos contactos: telefone 262 084 198 ou email comercialcale@gmail.com.","og_url":"https:\/\/confeitariacale.pt\/en\/contactos\/","og_site_name":"Cal&eacute; - Confeitaria Tradicional Portuguesa","article_publisher":"https:\/\/www.facebook.com\/ConfeitariaCale","article_modified_time":"2025-02-08T11:29:35+00:00","og_image":[{"width":1920,"height":838,"url":"https:\/\/confeitariacale.pt\/wp-content\/uploads\/2021\/02\/logo.png","type":"image\/png"}],"twitter_card":"summary_large_image","twitter_misc":{"Estimated reading time":"1 minute"},"schema":{"@context":"https:\/\/schema.org","@graph":[{"@type":"WebPage","@id":"https:\/\/confeitariacale.pt\/contactos\/","url":"https:\/\/confeitariacale.pt\/contactos\/","name":"Contactos | Cal&eacute; - Confeitaria Tradicional Portuguesa","isPartOf":{"@id":"https:\/\/confeitariacale.pt\/#website"},"primaryImageOfPage":{"@id":"https:\/\/confeitariacale.pt\/contactos\/#primaryimage"},"image":{"@id":"https:\/\/confeitariacale.pt\/contactos\/#primaryimage"},"thumbnailUrl":"https:\/\/confeitariacale.pt\/wp-content\/uploads\/2021\/02\/logo.png","datePublished":"2017-01-17T15:22:50+00:00","dateModified":"2025-02-08T11:29:35+00:00","description":"Entre em contacto com o Grupo Cal\u00e9 atrav\u00e9s dos contactos: telefone 262 084 198 ou email comercialcale@gmail.com.","breadcrumb":{"@id":"https:\/\/confeitariacale.pt\/contactos\/#breadcrumb"},"inLanguage":"en-GB","potentialAction":[{"@type":"ReadAction","target":["https:\/\/confeitariacale.pt\/contactos\/"]}]},{"@type":"ImageObject","inLanguage":"en-GB","@id":"https:\/\/confeitariacale.pt\/contactos\/#primaryimage","url":"https:\/\/confeitariacale.pt\/wp-content\/uploads\/2021\/02\/logo.png","contentUrl":"https:\/\/confeitariacale.pt\/wp-content\/uploads\/2021\/02\/logo.png","width":1920,"height":838,"caption":"secao-contactos-cale-confeitaria-tradicional-portuguesa-peniche-caldas-rainha-padaria-pastelaria"},{"@type":"BreadcrumbList","@id":"https:\/\/confeitariacale.pt\/contactos\/#breadcrumb","itemListElement":[{"@type":"ListItem","position":1,"name":"In\u00edcio","item":"https:\/\/confeitariacale.pt\/"},{"@type":"ListItem","position":2,"name":"CONTACTOS"}]},{"@type":"WebSite","@id":"https:\/\/confeitariacale.pt\/#website","url":"https:\/\/confeitariacale.pt\/","name":"Cal\u00e9 - Confeitaria Tradicional Portuguesa","description":"No Grupo Cal&eacute; produzimos, vendemos e distribu&iacute;mos diariamente produtos de refer&ecirc;ncia nas &aacute;reas da panifica&ccedil;&atilde;o, pastelaria, confeitaria e do&ccedil;aria.","publisher":{"@id":"https:\/\/confeitariacale.pt\/#organization"},"potentialAction":[{"@type":"SearchAction","target":{"@type":"EntryPoint","urlTemplate":"https:\/\/confeitariacale.pt\/?s={search_term_string}"},"query-input":{"@type":"PropertyValueSpecification","valueRequired":true,"valueName":"search_term_string"}}],"inLanguage":"en-GB"},{"@type":"Organization","@id":"https:\/\/confeitariacale.pt\/#organization","name":"Cal\u00e9 - Confeitaria Tradicional Portuguesa","url":"https:\/\/confeitariacale.pt\/","logo":{"@type":"ImageObject","inLanguage":"en-GB","@id":"https:\/\/confeitariacale.pt\/#\/schema\/logo\/image\/","url":"https:\/\/confeitariacale.pt\/wp-content\/uploads\/2021\/02\/104439490_3144511675595181_1617663331076574825_n.png","contentUrl":"https:\/\/confeitariacale.pt\/wp-content\/uploads\/2021\/02\/104439490_3144511675595181_1617663331076574825_n.png","width":334,"height":334,"caption":"Cal\u00e9 - Confeitaria Tradicional Portuguesa"},"image":{"@id":"https:\/\/confeitariacale.pt\/#\/schema\/logo\/image\/"},"sameAs":["https:\/\/www.facebook.com\/ConfeitariaCale","https:\/\/www.instagram.com\/confeitariacale\/"]}]}},"_links":{"self":[{"href":"http:\/\/confeitariacale.pt\/en\/wp-json\/wp\/v2\/pages\/10369","targetHints":{"allow":["GET"]}}],"collection":[{"href":"http:\/\/confeitariacale.pt\/en\/wp-json\/wp\/v2\/pages"}],"about":[{"href":"http:\/\/confeitariacale.pt\/en\/wp-json\/wp\/v2\/types\/page"}],"author":[{"embeddable":true,"href":"http:\/\/confeitariacale.pt\/en\/wp-json\/wp\/v2\/users\/1"}],"replies":[{"embeddable":true,"href":"http:\/\/confeitariacale.pt\/en\/wp-json\/wp\/v2\/comments?post=10369"}],"version-history":[{"count":22,"href":"http:\/\/confeitariacale.pt\/en\/wp-json\/wp\/v2\/pages\/10369\/revisions"}],"predecessor-version":[{"id":14116,"href":"http:\/\/confeitariacale.pt\/en\/wp-json\/wp\/v2\/pages\/10369\/revisions\/14116"}],"wp:featuredmedia":[{"embeddable":true,"href":"http:\/\/confeitariacale.pt\/en\/wp-json\/wp\/v2\/media\/13508"}],"wp:attachment":[{"href":"http:\/\/confeitariacale.pt\/en\/wp-json\/wp\/v2\/media?parent=10369"}],"curies":[{"name":"wp","href":"https:\/\/api.w.org\/{rel}","templated":true}]}}