{"id":13447,"date":"2021-02-03T19:32:35","date_gmt":"2021-02-03T19:32:35","guid":{"rendered":"https:\/\/confeitariacale.pt\/?page_id=13447"},"modified":"2021-02-04T02:20:34","modified_gmt":"2021-02-04T02:20:34","slug":"faq","status":"publish","type":"page","link":"https:\/\/confeitariacale.pt\/en\/faq\/","title":{"rendered":"FAQ"},"content":{"rendered":"<div class=\"wpb-content-wrapper\"><div class=\"vc_row wpb_row vc_row-fluid edgtf-section vc_custom_1612383503923 edgtf-content-aligment-left edgtf-grid-section\" style=\"\"><div class=\"clearfix edgtf-section-inner\"><div class=\"edgtf-section-inner-margin clearfix\"><div class=\"wpb_column vc_column_container vc_col-sm-12\"><div class=\"vc_column-inner\"><div class=\"wpb_wrapper\">\n\t<div class=\"wpb_text_column wpb_content_element\" >\n\t\t<div class=\"wpb_wrapper\">\n\t\t\t<h2>Frequently Asked Questions<\/h2>\n\n\t\t<\/div>\n\t<\/div>\n<div class=\"vc_empty_space\"   style=\"height: 20px\"><span class=\"vc_empty_space_inner\"><\/span><\/div><div class=\"edgtf-separator-holder clearfix  edgtf-separator-left\">\n\t<div class=\"edgtf-separator\" style=\"width: 120px;border-bottom-width: 3px\"><\/div>\n<\/div>\n<div class=\"vc_empty_space\"   style=\"height: 15px\"><span class=\"vc_empty_space_inner\"><\/span><\/div><div class=\"edgtf-accordion-holder clearfix edgtf-accordion edgtf-initial\">\n\t<h4 class=\"clearfix edgtf-title-holder\">\n\t<span class=\"edgtf-accordion-mark edgtf-left-mark\">\n\t\t<span class=\"edgtf-accordion-mark-icon\">\n\t\t\t<span class=\"icon_plus\"><\/span>\n\t\t\t<span class=\"icon_minus-06\"><\/span>\n\t\t<\/span>\n\t<\/span>\n\t<span class=\"edgtf-tab-title\">\n\t\t<span class=\"edgtf-tab-title-inner\">\n\t\t\t1. WHAT ARE THE DELIVERY DAYS?\t\t<\/span>\n\t<\/span>\n<\/h4>\n<div class=\"edgtf-accordion-content\">\n\t<div class=\"edgtf-accordion-content-inner\">\n\t\t\n\t<div class=\"wpb_text_column wpb_content_element\" >\n\t\t<div class=\"wpb_wrapper\">\n\t\t\t<p class=\"p1\"><span class=\"s1\">Our delivery days are Monday to Saturday, between 8am and 1pm (for orders confirmed by 1pm the day before).<\/span><\/p>\n\n\t\t<\/div>\n\t<\/div>\n\t<\/div>\n<\/div><h4 class=\"clearfix edgtf-title-holder\">\n\t<span class=\"edgtf-accordion-mark edgtf-left-mark\">\n\t\t<span class=\"edgtf-accordion-mark-icon\">\n\t\t\t<span class=\"icon_plus\"><\/span>\n\t\t\t<span class=\"icon_minus-06\"><\/span>\n\t\t<\/span>\n\t<\/span>\n\t<span class=\"edgtf-tab-title\">\n\t\t<span class=\"edgtf-tab-title-inner\">\n\t\t\t2. WHAT IS THE MINIMUM ORDER VALUE?\t\t<\/span>\n\t<\/span>\n<\/h4>\n<div class=\"edgtf-accordion-content\">\n\t<div class=\"edgtf-accordion-content-inner\">\n\t\t\n\t<div class=\"wpb_text_column wpb_content_element\" >\n\t\t<div class=\"wpb_wrapper\">\n\t\t\t<p class=\"p1\"><span class=\"s1\">Deliveries are only made for orders over \u20ac3<\/span><\/p>\n\n\t\t<\/div>\n\t<\/div>\n\t<\/div>\n<\/div><h4 class=\"clearfix edgtf-title-holder\">\n\t<span class=\"edgtf-accordion-mark edgtf-left-mark\">\n\t\t<span class=\"edgtf-accordion-mark-icon\">\n\t\t\t<span class=\"icon_plus\"><\/span>\n\t\t\t<span class=\"icon_minus-06\"><\/span>\n\t\t<\/span>\n\t<\/span>\n\t<span class=\"edgtf-tab-title\">\n\t\t<span class=\"edgtf-tab-title-inner\">\n\t\t\t3. WHAT ARE THE DELIVERY COSTS?\t\t<\/span>\n\t<\/span>\n<\/h4>\n<div class=\"edgtf-accordion-content\">\n\t<div class=\"edgtf-accordion-content-inner\">\n\t\t\n\t<div class=\"wpb_text_column wpb_content_element\" >\n\t\t<div class=\"wpb_wrapper\">\n\t\t\t<p class=\"p1\"><span class=\"s1\">Deliveries are free of charge, but have a minimum order value of \u20ac3.<\/span><\/p>\n\n\t\t<\/div>\n\t<\/div>\n\t<\/div>\n<\/div><h4 class=\"clearfix edgtf-title-holder\">\n\t<span class=\"edgtf-accordion-mark edgtf-left-mark\">\n\t\t<span class=\"edgtf-accordion-mark-icon\">\n\t\t\t<span class=\"icon_plus\"><\/span>\n\t\t\t<span class=\"icon_minus-06\"><\/span>\n\t\t<\/span>\n\t<\/span>\n\t<span class=\"edgtf-tab-title\">\n\t\t<span class=\"edgtf-tab-title-inner\">\n\t\t\t4. HOW CAN I PAY?\t\t<\/span>\n\t<\/span>\n<\/h4>\n<div class=\"edgtf-accordion-content\">\n\t<div class=\"edgtf-accordion-content-inner\">\n\t\t\n\t<div class=\"wpb_text_column wpb_content_element\" >\n\t\t<div class=\"wpb_wrapper\">\n\t\t\t<p>Online payment is not yet available. You can pay when your order is delivered.<\/p>\n\n\t\t<\/div>\n\t<\/div>\n\t<\/div>\n<\/div><h4 class=\"clearfix edgtf-title-holder\">\n\t<span class=\"edgtf-accordion-mark edgtf-left-mark\">\n\t\t<span class=\"edgtf-accordion-mark-icon\">\n\t\t\t<span class=\"icon_plus\"><\/span>\n\t\t\t<span class=\"icon_minus-06\"><\/span>\n\t\t<\/span>\n\t<\/span>\n\t<span class=\"edgtf-tab-title\">\n\t\t<span class=\"edgtf-tab-title-inner\">\n\t\t\t5. DO YOU DELIVER OUTSIDE THE CENTRE OF PENICHE AND CALDAS DA RAINHA?\t\t<\/span>\n\t<\/span>\n<\/h4>\n<div class=\"edgtf-accordion-content\">\n\t<div class=\"edgtf-accordion-content-inner\">\n\t\t\n\t<div class=\"wpb_text_column wpb_content_element\" >\n\t\t<div class=\"wpb_wrapper\">\n\t\t\t<p>Yes, we deliver outside the centre of Peniche and Caldas da Rainha.<\/p>\n\n\t\t<\/div>\n\t<\/div>\n\t<\/div>\n<\/div><h4 class=\"clearfix edgtf-title-holder\">\n\t<span class=\"edgtf-accordion-mark edgtf-left-mark\">\n\t\t<span class=\"edgtf-accordion-mark-icon\">\n\t\t\t<span class=\"icon_plus\"><\/span>\n\t\t\t<span class=\"icon_minus-06\"><\/span>\n\t\t<\/span>\n\t<\/span>\n\t<span class=\"edgtf-tab-title\">\n\t\t<span class=\"edgtf-tab-title-inner\">\n\t\t\t6. HOW FAR IN ADVANCE SHOULD YOU PLACE YOUR ORDER?\t\t<\/span>\n\t<\/span>\n<\/h4>\n<div class=\"edgtf-accordion-content\">\n\t<div class=\"edgtf-accordion-content-inner\">\n\t\t\n\t<div class=\"wpb_text_column wpb_content_element\" >\n\t\t<div class=\"wpb_wrapper\">\n\t\t\t<p class=\"p1\"><span class=\"s1\">You must place your order by 1pm in order for your products to be delivered the following day.<br \/>\n<\/span><span class=\"s1\">In the case of personalised\/birthday cakes, orders must be placed 2 days in advance.<\/span><\/p>\n\n\t\t<\/div>\n\t<\/div>\n\t<\/div>\n<\/div><h4 class=\"clearfix edgtf-title-holder\">\n\t<span class=\"edgtf-accordion-mark edgtf-left-mark\">\n\t\t<span class=\"edgtf-accordion-mark-icon\">\n\t\t\t<span class=\"icon_plus\"><\/span>\n\t\t\t<span class=\"icon_minus-06\"><\/span>\n\t\t<\/span>\n\t<\/span>\n\t<span class=\"edgtf-tab-title\">\n\t\t<span class=\"edgtf-tab-title-inner\">\n\t\t\t7. IS IT POSSIBLE TO ORDER A BIRTHDAY CAKE?\t\t<\/span>\n\t<\/span>\n<\/h4>\n<div class=\"edgtf-accordion-content\">\n\t<div class=\"edgtf-accordion-content-inner\">\n\t\t\n\t<div class=\"wpb_text_column wpb_content_element\" >\n\t\t<div class=\"wpb_wrapper\">\n\t\t\t<p>Yes, it is possible, but it must be ordered at least 2 days before the delivery date.<\/p>\n\n\t\t<\/div>\n\t<\/div>\n\t<\/div>\n<\/div><\/div><\/div><\/div><\/div><\/div><\/div><\/div>\n<\/div>","protected":false},"excerpt":{"rendered":"Perguntas Frequentes 1. QUAIS S\u00c3O OS DIAS DAS ENTREGAS? Os nossos dias de entregas\u00a0de 2\u00aa feira a s\u00e1bado, entre as 8h e as 13h (para encomendas confirmadas at\u00e9 \u00e0s 13h...","protected":false},"author":1,"featured_media":13455,"parent":0,"menu_order":0,"comment_status":"closed","ping_status":"closed","template":"full-width.php","meta":{"footnotes":""},"class_list":["post-13447","page","type-page","status-publish","has-post-thumbnail","hentry"],"yoast_head":"<!-- This site is optimized with the Yoast SEO plugin v27.5 - https:\/\/yoast.com\/product\/yoast-seo-wordpress\/ -->\n<title>FAQ | Cal&eacute; - Confeitaria Tradicional Portuguesa<\/title>\n<meta name=\"description\" content=\"Perguntas Frequentes (FAQ) sobre os produtos, entregas e pagamentos da Cal\u00e9, uma padaria e pastelaria tradicional portuguesa, localizada em Peniche e nas Caldas da Rainha.\" \/>\n<meta name=\"robots\" content=\"index, follow, max-snippet:-1, max-image-preview:large, max-video-preview:-1\" \/>\n<link rel=\"canonical\" href=\"https:\/\/confeitariacale.pt\/en\/faq\/\" \/>\n<meta property=\"og:locale\" content=\"en_GB\" \/>\n<meta property=\"og:type\" content=\"article\" \/>\n<meta property=\"og:title\" content=\"FAQ | Cal&eacute; - Confeitaria Tradicional Portuguesa\" \/>\n<meta property=\"og:description\" content=\"Perguntas Frequentes (FAQ) sobre os produtos, entregas e pagamentos da Cal\u00e9, uma padaria e pastelaria tradicional portuguesa, localizada em Peniche e nas Caldas da Rainha.\" \/>\n<meta property=\"og:url\" content=\"https:\/\/confeitariacale.pt\/en\/faq\/\" \/>\n<meta property=\"og:site_name\" content=\"Cal&eacute; - Confeitaria Tradicional Portuguesa\" \/>\n<meta property=\"article:publisher\" content=\"https:\/\/www.facebook.com\/ConfeitariaCale\" \/>\n<meta property=\"article:modified_time\" content=\"2021-02-04T02:20:34+00:00\" \/>\n<meta property=\"og:image\" content=\"https:\/\/confeitariacale.pt\/wp-content\/uploads\/2021\/02\/23.png\" \/>\n\t<meta property=\"og:image:width\" content=\"1921\" \/>\n\t<meta property=\"og:image:height\" content=\"822\" \/>\n\t<meta property=\"og:image:type\" content=\"image\/png\" \/>\n<meta name=\"twitter:card\" content=\"summary_large_image\" \/>\n<meta name=\"twitter:label1\" content=\"Estimated reading time\" \/>\n\t<meta name=\"twitter:data1\" content=\"1 minute\" \/>\n<script type=\"application\/ld+json\" class=\"yoast-schema-graph\">{\"@context\":\"https:\\\/\\\/schema.org\",\"@graph\":[{\"@type\":\"WebPage\",\"@id\":\"https:\\\/\\\/confeitariacale.pt\\\/faq\\\/\",\"url\":\"https:\\\/\\\/confeitariacale.pt\\\/faq\\\/\",\"name\":\"FAQ | Cal&eacute; - Confeitaria Tradicional Portuguesa\",\"isPartOf\":{\"@id\":\"https:\\\/\\\/confeitariacale.pt\\\/#website\"},\"primaryImageOfPage\":{\"@id\":\"https:\\\/\\\/confeitariacale.pt\\\/faq\\\/#primaryimage\"},\"image\":{\"@id\":\"https:\\\/\\\/confeitariacale.pt\\\/faq\\\/#primaryimage\"},\"thumbnailUrl\":\"https:\\\/\\\/confeitariacale.pt\\\/wp-content\\\/uploads\\\/2021\\\/02\\\/23.png\",\"datePublished\":\"2021-02-03T19:32:35+00:00\",\"dateModified\":\"2021-02-04T02:20:34+00:00\",\"description\":\"Perguntas Frequentes (FAQ) sobre os produtos, entregas e pagamentos da Cal\u00e9, uma padaria e pastelaria tradicional portuguesa, localizada em Peniche e nas Caldas da Rainha.\",\"breadcrumb\":{\"@id\":\"https:\\\/\\\/confeitariacale.pt\\\/faq\\\/#breadcrumb\"},\"inLanguage\":\"en-GB\",\"potentialAction\":[{\"@type\":\"ReadAction\",\"target\":[\"https:\\\/\\\/confeitariacale.pt\\\/faq\\\/\"]}]},{\"@type\":\"ImageObject\",\"inLanguage\":\"en-GB\",\"@id\":\"https:\\\/\\\/confeitariacale.pt\\\/faq\\\/#primaryimage\",\"url\":\"https:\\\/\\\/confeitariacale.pt\\\/wp-content\\\/uploads\\\/2021\\\/02\\\/23.png\",\"contentUrl\":\"https:\\\/\\\/confeitariacale.pt\\\/wp-content\\\/uploads\\\/2021\\\/02\\\/23.png\",\"width\":1921,\"height\":822,\"caption\":\"3-funcionaria-cale-confeitaria-tradicional-portuguesa-peniche-caldas-rainha-padaria-pastelaria\"},{\"@type\":\"BreadcrumbList\",\"@id\":\"https:\\\/\\\/confeitariacale.pt\\\/faq\\\/#breadcrumb\",\"itemListElement\":[{\"@type\":\"ListItem\",\"position\":1,\"name\":\"In\u00edcio\",\"item\":\"https:\\\/\\\/confeitariacale.pt\\\/\"},{\"@type\":\"ListItem\",\"position\":2,\"name\":\"FAQ\"}]},{\"@type\":\"WebSite\",\"@id\":\"https:\\\/\\\/confeitariacale.pt\\\/#website\",\"url\":\"https:\\\/\\\/confeitariacale.pt\\\/\",\"name\":\"Cal\u00e9 - Confeitaria Tradicional Portuguesa\",\"description\":\"No Grupo Cal&eacute; produzimos, vendemos e distribu&iacute;mos diariamente produtos de refer&ecirc;ncia nas &aacute;reas da panifica&ccedil;&atilde;o, pastelaria, confeitaria e do&ccedil;aria.\",\"publisher\":{\"@id\":\"https:\\\/\\\/confeitariacale.pt\\\/#organization\"},\"potentialAction\":[{\"@type\":\"SearchAction\",\"target\":{\"@type\":\"EntryPoint\",\"urlTemplate\":\"https:\\\/\\\/confeitariacale.pt\\\/?s={search_term_string}\"},\"query-input\":{\"@type\":\"PropertyValueSpecification\",\"valueRequired\":true,\"valueName\":\"search_term_string\"}}],\"inLanguage\":\"en-GB\"},{\"@type\":\"Organization\",\"@id\":\"https:\\\/\\\/confeitariacale.pt\\\/#organization\",\"name\":\"Cal\u00e9 - Confeitaria Tradicional Portuguesa\",\"url\":\"https:\\\/\\\/confeitariacale.pt\\\/\",\"logo\":{\"@type\":\"ImageObject\",\"inLanguage\":\"en-GB\",\"@id\":\"https:\\\/\\\/confeitariacale.pt\\\/#\\\/schema\\\/logo\\\/image\\\/\",\"url\":\"https:\\\/\\\/confeitariacale.pt\\\/wp-content\\\/uploads\\\/2021\\\/02\\\/104439490_3144511675595181_1617663331076574825_n.png\",\"contentUrl\":\"https:\\\/\\\/confeitariacale.pt\\\/wp-content\\\/uploads\\\/2021\\\/02\\\/104439490_3144511675595181_1617663331076574825_n.png\",\"width\":334,\"height\":334,\"caption\":\"Cal\u00e9 - Confeitaria Tradicional Portuguesa\"},\"image\":{\"@id\":\"https:\\\/\\\/confeitariacale.pt\\\/#\\\/schema\\\/logo\\\/image\\\/\"},\"sameAs\":[\"https:\\\/\\\/www.facebook.com\\\/ConfeitariaCale\",\"https:\\\/\\\/www.instagram.com\\\/confeitariacale\\\/\"]}]}<\/script>\n<!-- \/ Yoast SEO plugin. -->","yoast_head_json":{"title":"FAQ | Cal&eacute; - Confeitaria Tradicional Portuguesa","description":"Perguntas Frequentes (FAQ) sobre os produtos, entregas e pagamentos da Cal\u00e9, uma padaria e pastelaria tradicional portuguesa, localizada em Peniche e nas Caldas da Rainha.","robots":{"index":"index","follow":"follow","max-snippet":"max-snippet:-1","max-image-preview":"max-image-preview:large","max-video-preview":"max-video-preview:-1"},"canonical":"https:\/\/confeitariacale.pt\/en\/faq\/","og_locale":"en_GB","og_type":"article","og_title":"FAQ | Cal&eacute; - Confeitaria Tradicional Portuguesa","og_description":"Perguntas Frequentes (FAQ) sobre os produtos, entregas e pagamentos da Cal\u00e9, uma padaria e pastelaria tradicional portuguesa, localizada em Peniche e nas Caldas da Rainha.","og_url":"https:\/\/confeitariacale.pt\/en\/faq\/","og_site_name":"Cal&eacute; - Confeitaria Tradicional Portuguesa","article_publisher":"https:\/\/www.facebook.com\/ConfeitariaCale","article_modified_time":"2021-02-04T02:20:34+00:00","og_image":[{"width":1921,"height":822,"url":"https:\/\/confeitariacale.pt\/wp-content\/uploads\/2021\/02\/23.png","type":"image\/png"}],"twitter_card":"summary_large_image","twitter_misc":{"Estimated reading time":"1 minute"},"schema":{"@context":"https:\/\/schema.org","@graph":[{"@type":"WebPage","@id":"https:\/\/confeitariacale.pt\/faq\/","url":"https:\/\/confeitariacale.pt\/faq\/","name":"FAQ | Cal&eacute; - Confeitaria Tradicional Portuguesa","isPartOf":{"@id":"https:\/\/confeitariacale.pt\/#website"},"primaryImageOfPage":{"@id":"https:\/\/confeitariacale.pt\/faq\/#primaryimage"},"image":{"@id":"https:\/\/confeitariacale.pt\/faq\/#primaryimage"},"thumbnailUrl":"https:\/\/confeitariacale.pt\/wp-content\/uploads\/2021\/02\/23.png","datePublished":"2021-02-03T19:32:35+00:00","dateModified":"2021-02-04T02:20:34+00:00","description":"Perguntas Frequentes (FAQ) sobre os produtos, entregas e pagamentos da Cal\u00e9, uma padaria e pastelaria tradicional portuguesa, localizada em Peniche e nas Caldas da Rainha.","breadcrumb":{"@id":"https:\/\/confeitariacale.pt\/faq\/#breadcrumb"},"inLanguage":"en-GB","potentialAction":[{"@type":"ReadAction","target":["https:\/\/confeitariacale.pt\/faq\/"]}]},{"@type":"ImageObject","inLanguage":"en-GB","@id":"https:\/\/confeitariacale.pt\/faq\/#primaryimage","url":"https:\/\/confeitariacale.pt\/wp-content\/uploads\/2021\/02\/23.png","contentUrl":"https:\/\/confeitariacale.pt\/wp-content\/uploads\/2021\/02\/23.png","width":1921,"height":822,"caption":"3-funcionaria-cale-confeitaria-tradicional-portuguesa-peniche-caldas-rainha-padaria-pastelaria"},{"@type":"BreadcrumbList","@id":"https:\/\/confeitariacale.pt\/faq\/#breadcrumb","itemListElement":[{"@type":"ListItem","position":1,"name":"In\u00edcio","item":"https:\/\/confeitariacale.pt\/"},{"@type":"ListItem","position":2,"name":"FAQ"}]},{"@type":"WebSite","@id":"https:\/\/confeitariacale.pt\/#website","url":"https:\/\/confeitariacale.pt\/","name":"Cal\u00e9 - Confeitaria Tradicional Portuguesa","description":"No Grupo Cal&eacute; produzimos, vendemos e distribu&iacute;mos diariamente produtos de refer&ecirc;ncia nas &aacute;reas da panifica&ccedil;&atilde;o, pastelaria, confeitaria e do&ccedil;aria.","publisher":{"@id":"https:\/\/confeitariacale.pt\/#organization"},"potentialAction":[{"@type":"SearchAction","target":{"@type":"EntryPoint","urlTemplate":"https:\/\/confeitariacale.pt\/?s={search_term_string}"},"query-input":{"@type":"PropertyValueSpecification","valueRequired":true,"valueName":"search_term_string"}}],"inLanguage":"en-GB"},{"@type":"Organization","@id":"https:\/\/confeitariacale.pt\/#organization","name":"Cal\u00e9 - Confeitaria Tradicional Portuguesa","url":"https:\/\/confeitariacale.pt\/","logo":{"@type":"ImageObject","inLanguage":"en-GB","@id":"https:\/\/confeitariacale.pt\/#\/schema\/logo\/image\/","url":"https:\/\/confeitariacale.pt\/wp-content\/uploads\/2021\/02\/104439490_3144511675595181_1617663331076574825_n.png","contentUrl":"https:\/\/confeitariacale.pt\/wp-content\/uploads\/2021\/02\/104439490_3144511675595181_1617663331076574825_n.png","width":334,"height":334,"caption":"Cal\u00e9 - Confeitaria Tradicional Portuguesa"},"image":{"@id":"https:\/\/confeitariacale.pt\/#\/schema\/logo\/image\/"},"sameAs":["https:\/\/www.facebook.com\/ConfeitariaCale","https:\/\/www.instagram.com\/confeitariacale\/"]}]}},"_links":{"self":[{"href":"https:\/\/confeitariacale.pt\/en\/wp-json\/wp\/v2\/pages\/13447","targetHints":{"allow":["GET"]}}],"collection":[{"href":"https:\/\/confeitariacale.pt\/en\/wp-json\/wp\/v2\/pages"}],"about":[{"href":"https:\/\/confeitariacale.pt\/en\/wp-json\/wp\/v2\/types\/page"}],"author":[{"embeddable":true,"href":"https:\/\/confeitariacale.pt\/en\/wp-json\/wp\/v2\/users\/1"}],"replies":[{"embeddable":true,"href":"https:\/\/confeitariacale.pt\/en\/wp-json\/wp\/v2\/comments?post=13447"}],"version-history":[{"count":0,"href":"https:\/\/confeitariacale.pt\/en\/wp-json\/wp\/v2\/pages\/13447\/revisions"}],"wp:featuredmedia":[{"embeddable":true,"href":"https:\/\/confeitariacale.pt\/en\/wp-json\/wp\/v2\/media\/13455"}],"wp:attachment":[{"href":"https:\/\/confeitariacale.pt\/en\/wp-json\/wp\/v2\/media?parent=13447"}],"curies":[{"name":"wp","href":"https:\/\/api.w.org\/{rel}","templated":true}]}}